{"id":19,"date":"2021-03-15T10:33:17","date_gmt":"2021-03-15T09:33:17","guid":{"rendered":"http:\/\/ikuwjap.cluster030.hosting.ovh.net\/?page_id=19"},"modified":"2021-04-19T14:01:39","modified_gmt":"2021-04-19T12:01:39","slug":"a-propos-de","status":"publish","type":"page","link":"https:\/\/www.ardecheinfoservice.fr\/index.php\/a-propos-de\/","title":{"rendered":"\u00c0 propos de"},"content":{"rendered":"\n<div class=\"wp-block-image is-style-rounded\"><figure class=\"alignleft size-medium\"><img loading=\"lazy\" width=\"208\" height=\"300\" src=\"https:\/\/www.ardecheinfoservice.fr\/wp-content\/uploads\/2021\/04\/20210419_120830-scaled-e1618833497115-208x300.jpg\" alt=\"\" class=\"wp-image-241\" srcset=\"https:\/\/www.ardecheinfoservice.fr\/wp-content\/uploads\/2021\/04\/20210419_120830-scaled-e1618833497115-208x300.jpg 208w, https:\/\/www.ardecheinfoservice.fr\/wp-content\/uploads\/2021\/04\/20210419_120830-scaled-e1618833497115-709x1024.jpg 709w, https:\/\/www.ardecheinfoservice.fr\/wp-content\/uploads\/2021\/04\/20210419_120830-scaled-e1618833497115-768x1109.jpg 768w, https:\/\/www.ardecheinfoservice.fr\/wp-content\/uploads\/2021\/04\/20210419_120830-scaled-e1618833497115-1064x1536.jpg 1064w, https:\/\/www.ardecheinfoservice.fr\/wp-content\/uploads\/2021\/04\/20210419_120830-scaled-e1618833497115.jpg 1094w\" sizes=\"(max-width: 208px) 100vw, 208px\" \/><\/figure><\/div>\n\n\n\n<div class=\"wp-container-1 wp-block-group\"><div class=\"wp-block-group__inner-container\">\n<figure class=\"wp-block-table is-style-stripes\"><table class=\"has-fixed-layout\"><tbody><tr><td>EIRL Pascal MARACHIAN<\/td><\/tr><tr><td>Ard\u00e8che Info Service<\/td><\/tr><tr><td>Tel :  06.58.81.92.38<\/td><\/tr><tr><td><a href=\"mailto:contact@ardecheinfoservice.fr\" target=\"_blank\" rel=\"noreferrer noopener\">contact@ardecheinfoservice.fr<\/a><\/td><\/tr><tr><td><a href=\"https:\/\/www.ardecheinfoservice.fr\" target=\"_blank\" rel=\"noreferrer noopener\">https:\/\/www.ardecheinfoservice.fr<\/a><\/td><\/tr><tr><td>12 Route du Puy, 07200 LABEGUDE<\/td><\/tr><\/tbody><\/table><\/figure>\n\n\n\n<p><\/p>\n<\/div><\/div>\n\n\n\n<p> <\/p>\n\n\n\n<p class=\"has-drop-cap has-text-align-left\"><strong>J<\/strong>e suis n\u00e9 et ai pass\u00e9 mon enfance autour d&rsquo;Aubenas.<\/p>\n\n\n\n<p>Apr\u00e8s plus de 27 ans chez un g\u00e9ant mondial de l&rsquo;informatique ( IBM ) en r\u00e9gion parisienne et \u00e0 Montpellier, j&rsquo;ai d\u00e9cid\u00e9 de revenir en Ard\u00e8che afin de vous faire profiter de toute l&rsquo;exp\u00e9rience acquise pendant ces ann\u00e9es.<\/p>\n\n\n\n<p>Ma comp\u00e9tence principale est le domaine des r\u00e9seaux (physiques et logiques). Mes domaines secondaires \u00e9tant les syst\u00e8mes d&rsquo;exploitations Windows et Linux, la virtualisation et le d\u00e9veloppement. Sans oublier bien s\u00fbr la gestion de projet et le travail en \u00e9quipe.<\/p>\n\n\n\n<p>Aujourd&rsquo;hui, mon but est de vous aider de mon mieux dans vos projets informatiques et mettre \u00e0 votre service mes comp\u00e9tences dans de nombreux domaines.<\/p>\n\n\n\n<ul><li>R\u00e9seau physique<ul><li>C\u00e2blage : RJ45, Fibre optique (9\u00b5 et 50\u00b5), RTC<\/li><li>Mise en Rack <\/li><li>Passage de c\u00e2bles<\/li><\/ul><\/li><li>R\u00e9seau logique <ul><li>Configuration et maintenance de  :<ul><li>Switch (de l&rsquo;Ethernet au 10Gbps), VLANs, VPC, redondance, remont\u00e9e de logs, etc &#8230; [Commutateurs]<\/li><li>Load-Balancer [R\u00e9partiteur de charge r\u00e9seau]<\/li><li>Routeurs <\/li><li>VPN [R\u00e9seau priv\u00e9 virtuel]<\/li><li>Firewall [Pare-feu]<\/li><li>R\u00e9seaux virtuels<\/li><li>SAN (Storage Area Network) [R\u00e9seau de stockage]<\/li><\/ul><\/li><li>Connaissances constructeurs<ul><li>Cisco<\/li><li>Brocade<\/li><li>F5<\/li><li>Juniper<\/li><li>etc &#8230;<\/li><\/ul><\/li><\/ul><\/li><li>Virtualisation syst\u00e8me et r\u00e9seau (Hyperviseurs)<ul><li>VMWARE<\/li><li>KVM<\/li><li>Virtualbox<\/li><li>Proxmox<\/li><li>Docker<\/li><li>etc &#8230;<\/li><\/ul><\/li><li>D\u00e9veloppement d&rsquo;applications m\u00e9tier<ul><li>Langages<ul><li>Perl, python, bash, html, css, javascript<\/li><li>pascal, dart\/flutter<\/li><\/ul><\/li><li>Syst\u00e8mes<ul><li>Windows, Linux, web, t\u00e9l\u00e9phone mobile (android et IOS)<\/li><\/ul><\/li><\/ul><\/li><li>Services aux particuliers<ul><li>Installation et configuration de box internet<ul><li>Wi-Fi<\/li><li>Ouverture de ports<\/li><li>etc &#8230;<\/li><\/ul><\/li><li>Installation et configuration de mat\u00e9riels <ul><li>R\u00e9p\u00e9teurs wi-fi<\/li><li>passage de c\u00e2bles r\u00e9seaux<\/li><li>assistants google ou alexa<\/li><li>domotique<\/li><li>imprimantes<\/li><li>etc &#8230;<\/li><\/ul><\/li><\/ul><\/li><\/ul>\n","protected":false},"excerpt":{"rendered":"<p class=\"qua-blog-post-description\">EIRL Pascal MARACHIAN Ard\u00e8che Info Service Tel : 06.58.81.92.38 contact@ardecheinfoservice.fr https:\/\/www.ardecheinfoservice.fr 12 Route du Puy, 07200 LABEGUDE Je suis n\u00e9 et ai pass\u00e9 mon enfance autour d&rsquo;Aubenas. Apr\u00e8s plus de 27 ans chez un g\u00e9ant mondial de l&rsquo;informatique ( IBM ) en r\u00e9gion parisienne et \u00e0 Montpellier, j&rsquo;ai d\u00e9cid\u00e9 de revenir en Ard\u00e8che afin de [&hellip;]<\/p>\n","protected":false},"author":2,"featured_media":0,"parent":0,"menu_order":0,"comment_status":"closed","ping_status":"closed","template":"","meta":[],"_links":{"self":[{"href":"https:\/\/www.ardecheinfoservice.fr\/index.php\/wp-json\/wp\/v2\/pages\/19"}],"collection":[{"href":"https:\/\/www.ardecheinfoservice.fr\/index.php\/wp-json\/wp\/v2\/pages"}],"about":[{"href":"https:\/\/www.ardecheinfoservice.fr\/index.php\/wp-json\/wp\/v2\/types\/page"}],"author":[{"embeddable":true,"href":"https:\/\/www.ardecheinfoservice.fr\/index.php\/wp-json\/wp\/v2\/users\/2"}],"replies":[{"embeddable":true,"href":"https:\/\/www.ardecheinfoservice.fr\/index.php\/wp-json\/wp\/v2\/comments?post=19"}],"version-history":[{"count":16,"href":"https:\/\/www.ardecheinfoservice.fr\/index.php\/wp-json\/wp\/v2\/pages\/19\/revisions"}],"predecessor-version":[{"id":249,"href":"https:\/\/www.ardecheinfoservice.fr\/index.php\/wp-json\/wp\/v2\/pages\/19\/revisions\/249"}],"wp:attachment":[{"href":"https:\/\/www.ardecheinfoservice.fr\/index.php\/wp-json\/wp\/v2\/media?parent=19"}],"curies":[{"name":"wp","href":"https:\/\/api.w.org\/{rel}","templated":true}]}}